{"id":1914,"date":"2019-03-06T22:24:32","date_gmt":"2019-03-06T20:24:32","guid":{"rendered":"http:\/\/www.anitawesterholm.fi\/fi\/?page_id=1914"},"modified":"2019-03-07T14:09:20","modified_gmt":"2019-03-07T12:09:20","slug":"anitasta-sanottua","status":"publish","type":"page","link":"http:\/\/www.anitawesterholm.fi\/fi\/anita\/anitasta-sanottua\/","title":{"rendered":"Anitasta sanottua"},"content":{"rendered":"\n<blockquote class=\"wp-block-quote is-layout-flow wp-block-quote-is-layout-flow\"><p>Anita on nuori rohkeasti ajatteleva nainen joka uskoo siihen, ett\u00e4  voimme yhdess\u00e4 rakentaa yhteiskuntaa jossa tasa-arvo ja oikeanmukaisuus  vallitsevat. Anita on rehellinen ihminen, joka voi sek\u00e4 inspiroida,  tehd\u00e4 yhteisty\u00f6t\u00e4 ja toteuttaa visionsa. Anitaa tarvitaan eduskunnassa!<\/p><\/blockquote>\n\n\n\n<p style=\"text-align:right\">Kerstin Ilander, Valtuutettu Raaseporissa  <\/p>\n\n\n\n<blockquote class=\"wp-block-quote is-layout-flow wp-block-quote-is-layout-flow\"><p>Anita  on hyvin perehtynyt ja omistautunut kaupunginhallituksen ty\u00f6ss\u00e4 ja  my\u00f6t\u00e4vaikuttaa puheenjohtajistossa eritt\u00e4in t\u00e4rke\u00e4ll\u00e4 tavalla.<\/p><\/blockquote>\n\n\n\n<p style=\"text-align:right\">Anders Walls, Kaupunginhallituksen puheenjohtaja Raaseporissa  <\/p>\n\n\n\n<blockquote class=\"wp-block-quote is-layout-flow wp-block-quote-is-layout-flow\"><p>Opin  tuntemaan Anitan meid\u00e4n yhteisen yleisurheiluharrastuksen kautta, yli  kymmenen vuotta sitten. Voisin k\u00e4ytt\u00e4 monia superlatiiveja kuvatakseni  h\u00e4nt\u00e4, mutta valitsin muutaman asian, jotka omasta mielest\u00e4ni kuvaa  Anitaa parhaiten. H\u00e4n on yksi kunnianhimoisimmista mutta samalla  hienotunteisimmista ihmisist\u00e4 jotka tunnen. H\u00e4n on taitava kuuntelija ja  on aidosti kiinnostunut kohtaamistaan ihmisist\u00e4. Ennen kaikkea Anitan  positiivinen asenne el\u00e4m\u00e4ss\u00e4 on jotain todella ihailtavaa.<\/p><\/blockquote>\n\n\n\n<p style=\"text-align:right\">Emelie Rancken, Yleisurheilukaveri <\/p>\n\n\n\n<blockquote class=\"wp-block-quote is-layout-flow wp-block-quote-is-layout-flow\"><p>Anitan  intohimo ja p\u00e4\u00e4tt\u00e4v\u00e4isyys tekee aina vaikutuksen minuun. Anita pit\u00e4\u00e4  hallussaan asiantuntemusta ja selke\u00e4n vision hyvinvoivasta  yhteiskunnasta ja korkeasta ty\u00f6llisyydest\u00e4, juuri sit\u00e4, mit\u00e4 Suomi  tarvitsee.<\/p><\/blockquote>\n\n\n\n<p style=\"text-align:right\">Christoffer Ingo, puheenjohtaja RKP-nuoret <\/p>\n\n\n\n<blockquote class=\"wp-block-quote is-layout-flow wp-block-quote-is-layout-flow\"><p>Anita  on makein ihminen jonka tunnen. H\u00e4n ei ole koskaan pel\u00e4nnyt uusien  haasteiden vastaanottamista ja h\u00e4nell\u00e4 on taipumus saada asioita  aikaiseksi.<\/p><\/blockquote>\n\n\n\n<p style=\"text-align:right\">Frida Sev\u00f3n, Lapsuudenyst\u00e4v\u00e4 <\/p>\n\n\n\n<blockquote class=\"wp-block-quote is-layout-flow wp-block-quote-is-layout-flow\"><p>Anita  on ihana yst\u00e4v\u00e4, jolla on monta hyv\u00e4\u00e4 ominaisuutta. Mainitakseni  muutaman n\u00e4ist\u00e4 niin h\u00e4n on aina iloinen, ulosp\u00e4insuuntautunut ja haluaa  kaikille kanssaihmisille hyv\u00e4\u00e4. Niin kauan kun olen tuntenut h\u00e4net h\u00e4n  on aina ollut ahkera, kunnianhimoinen ja ty\u00f6skennellyt paremman  yhteiskunnan puolesta.<\/p><\/blockquote>\n\n\n\n<p style=\"text-align:right\">Filip S\u00f6derlund, Kauppatieteiden opiskelija ja yst\u00e4v\u00e4 yl\u00e4-asteelta asti <\/p>\n\n\n\n<blockquote class=\"wp-block-quote is-layout-flow wp-block-quote-is-layout-flow\"><p>Sijaistin  aina v\u00e4lill\u00e4 ylimiss\u00e4 luokissa Seminarieskolan ala-asteella. Muistan  Anitan hyvin, h\u00e4n oli pirte\u00e4, kiinnostunut ja \u00e4lyk\u00e4s oppilas. Joitakin  oppilaita ei ikin\u00e4 unohda, Anita kuuluu ehdottomasti niiden joukkoon! Ja  viel\u00e4 aikuisenakin h\u00e4n on pirte\u00e4, kiinnostunut ja \u00e4lyk\u00e4s!<\/p><\/blockquote>\n\n\n\n<p style=\"text-align:right\">Isa Forsb\u00e4ck, El\u00e4k\u00f6itynyt luokanopettaja <\/p>\n\n\n\n<blockquote class=\"wp-block-quote is-layout-flow wp-block-quote-is-layout-flow\"><p>Anita  on m\u00e4\u00e4r\u00e4tietoinen, h\u00e4n on jo alakoulusta asti tiennyt mit\u00e4 h\u00e4n haluaa  saavutaa. H\u00e4n on vahva nainen joka uskoo itseens\u00e4.<\/p><\/blockquote>\n\n\n\n<p style=\"text-align:right\">Amanda Ekstr\u00f6m, Lapsuudenyst\u00e4v\u00e4 <\/p>\n\n\n\n<blockquote class=\"wp-block-quote is-layout-flow wp-block-quote-is-layout-flow\"><p>Anita  p\u00e4hkin\u00e4nkuoressa: positiivinen ja hyv\u00e4 stressinsietokyky, pit\u00e4\u00e4  lupaamansa, tasa-arvoisuus ja hyvinvointi ovat t\u00e4rkeit\u00e4 h\u00e4nelle,  rehellisyys ja avoimet keskustelut ovat h\u00e4nen mottonsa, luotettava ja  rehellinen.<\/p><\/blockquote>\n\n\n\n<p style=\"text-align:right\">Ami Johansson, Yritt\u00e4j\u00e4 ja on toiminut Anitan pomona pian kymmenen vuotta <\/p>\n\n\n\n<blockquote class=\"wp-block-quote is-layout-flow wp-block-quote-is-layout-flow\"><p>Opettajana  minulla on ollut etu seurata Anitaa l\u00e4helt\u00e4 viiden vuoden ajan  (yl\u00e4-aste, lukio). H\u00e4n on utelias, opinhaluinen ja ajatteleva vahva  nuori nainen, jolla on jalat maassa ja tiet\u00e4\u00e4 mit\u00e4 h\u00e4n haluaa. H\u00e4nen  tiet\u00e4myksens\u00e4 sek\u00e4 h\u00e4nen raikas ja voittava v\u00e4ittelytaitonsa ovat aina  tehneet vaikutuksen minuun. Juuri t\u00e4llaisia nuoria tarvitaan  politiikassa \u2013 pelk\u00e4\u00e4m\u00e4tt\u00f6mi\u00e4 kyseenalaistamaan, jotka eiv\u00e4t anna  periksi ihan noin vaan.<\/p><\/blockquote>\n\n\n\n<p style=\"text-align:right\">Sture Lindholm, opettaja historioitsija <\/p>\n\n\n\n<blockquote class=\"wp-block-quote is-layout-flow wp-block-quote-is-layout-flow\"><p>Anita  on kunnianhimoinen ja m\u00e4\u00e4r\u00e4tietoinen nuori nainen, jolla on syd\u00e4n  oikeassa paikassa. Minulla on ollut etu tehd\u00e4 yhteisty\u00f6t\u00e4 Anitan kanssa  useissa yhteyksiss\u00e4, muun muassa Juristklubben Codex r.f:n  hallituksessa. Anita on aloitekykyinen ja pyrkii aina tekem\u00e4\u00e4n  j\u00e4rkevi\u00e4 ja hyvin perusteltuja p\u00e4\u00e4t\u00f6ksi\u00e4. Tasa-arvo ja oikeudenmukaisuus  toimivat ohjenuorina Anitan ty\u00f6ss\u00e4.<\/p><\/blockquote>\n\n\n\n<p style=\"text-align:right\">Karin Cederl\u00f6f, Juristklubbben Codex rf:n puheenjohtaja vuonna 2016 <\/p>\n\n\n\n<blockquote class=\"wp-block-quote is-layout-flow wp-block-quote-is-layout-flow\"><p>Kes\u00e4kuusta  2017 asti Anita on ollut kolleegani Raaseporin kaupunginvaltuustossa.  T\u00e4n\u00e4 aikana on tullut eritt\u00e4in selv\u00e4ksi, ett\u00e4 Anita on ainutlaatuinen  poliitikko. Anita on luotettava, p\u00e4tev\u00e4 ja taidokas. Se, mit\u00e4 h\u00e4n ei  tied\u00e4, h\u00e4n ottaa selville ja kun h\u00e4n tekee p\u00e4\u00e4t\u00f6ksi\u00e4 h\u00e4nelle on t\u00e4rke\u00e4\u00e4  kertoa avoimesti ajatuksistaan p\u00e4\u00e4t\u00f6sten takana. Humaaniset arvot ja  optimismi ovat hyvin tunnusomaisia Anitalle, joka ei ainoastaan ole hyv\u00e4  poliitikko, vaan on my\u00f6s l\u00e4mminhenkinen ihminen, jolla on syd\u00e4n  oikeassa paikassa.<\/p><\/blockquote>\n\n\n\n<p style=\"text-align:right\">Sandra Ahtola, Valtuutettu Raaseporissa  <\/p>\n\n\n\n<blockquote class=\"wp-block-quote is-layout-flow wp-block-quote-is-layout-flow\"><p>Olen  ty\u00f6skennellyt Anitan kanssa monta vuotta ja voin sanoa, ett\u00e4 h\u00e4n on  ehdottomasti yksi \u00e4lykk\u00e4immist\u00e4 ihmisist\u00e4 jonka tunnen. Nopea  oivaltamaan kokonaisuuksia, analysoimaan ja sitten valmis tekem\u00e4\u00e4n  p\u00e4\u00e4t\u00f6ksen. T\u00e4m\u00e4n lis\u00e4ksi h\u00e4n on aina hyvin valmistautunut ja perill\u00e4  asioista. Tarvitsemme Anitan kaltaisia ihmisi\u00e4 eduskuntaan!<\/p><\/blockquote>\n\n\n\n<p style=\"text-align:right\">Filip Bj\u00f6rkl\u00f6f, RKP-ryhm\u00e4n Ryhm\u00e4puheenjohtaja Raaseporissa ja kaupunginhallituksen j\u00e4sen<\/p>\n","protected":false},"excerpt":{"rendered":"<p>Anita on nuori rohkeasti ajatteleva nainen joka uskoo siihen, ett\u00e4 voimme yhdess\u00e4 rakentaa yhteiskuntaa jossa tasa-arvo ja oikeanmukaisuus vallitsevat. Anita on rehellinen ihminen, joka voi sek\u00e4 inspiroida, tehd\u00e4 yhteisty\u00f6t\u00e4 ja toteuttaa visionsa. Anitaa tarvitaan eduskunnassa! Kerstin Ilander, Valtuutettu Raaseporissa Anita on hyvin perehtynyt ja omistautunut kaupunginhallituksen ty\u00f6ss\u00e4 ja my\u00f6t\u00e4vaikuttaa puheenjohtajistossa eritt\u00e4in t\u00e4rke\u00e4ll\u00e4 tavalla. Anders Walls, Kaupunginhallituksen puheenjohtaja Raaseporissa Opin tuntemaan Anitan meid\u00e4n yhteisen yleisurheiluharrastuksen kautta, yli kymmenen vuotta sitten. Voisin k\u00e4ytt\u00e4 monia superlatiiveja kuvatakseni h\u00e4nt\u00e4, mutta valitsin muutaman asian, jotka [&hellip;]<\/p>\n","protected":false},"author":1,"featured_media":0,"parent":1875,"menu_order":0,"comment_status":"closed","ping_status":"closed","template":"","meta":{"footnotes":""},"class_list":["post-1914","page","type-page","status-publish","hentry"],"_links":{"self":[{"href":"http:\/\/www.anitawesterholm.fi\/fi\/wp-json\/wp\/v2\/pages\/1914","targetHints":{"allow":["GET"]}}],"collection":[{"href":"http:\/\/www.anitawesterholm.fi\/fi\/wp-json\/wp\/v2\/pages"}],"about":[{"href":"http:\/\/www.anitawesterholm.fi\/fi\/wp-json\/wp\/v2\/types\/page"}],"author":[{"embeddable":true,"href":"http:\/\/www.anitawesterholm.fi\/fi\/wp-json\/wp\/v2\/users\/1"}],"replies":[{"embeddable":true,"href":"http:\/\/www.anitawesterholm.fi\/fi\/wp-json\/wp\/v2\/comments?post=1914"}],"version-history":[{"count":4,"href":"http:\/\/www.anitawesterholm.fi\/fi\/wp-json\/wp\/v2\/pages\/1914\/revisions"}],"predecessor-version":[{"id":1942,"href":"http:\/\/www.anitawesterholm.fi\/fi\/wp-json\/wp\/v2\/pages\/1914\/revisions\/1942"}],"up":[{"embeddable":true,"href":"http:\/\/www.anitawesterholm.fi\/fi\/wp-json\/wp\/v2\/pages\/1875"}],"wp:attachment":[{"href":"http:\/\/www.anitawesterholm.fi\/fi\/wp-json\/wp\/v2\/media?parent=1914"}],"curies":[{"name":"wp","href":"https:\/\/api.w.org\/{rel}","templated":true}]}}